{"id":50,"date":"2023-06-09T17:47:38","date_gmt":"2023-06-09T17:47:38","guid":{"rendered":"https:\/\/vewoi.com\/?page_id=50"},"modified":"2024-11-14T16:24:50","modified_gmt":"2024-11-14T16:24:50","slug":"gizlilik-politikasi","status":"publish","type":"page","link":"https:\/\/vewoi.com\/tr\/gizlilik-politikasi\/","title":{"rendered":"Gizlilik Politikas\u0131"},"content":{"rendered":"<h2 class=\"wp-block-heading\">1. Gizlilik Politikas\u0131na Genel Bak\u0131\u015f<\/h2>\n\n\n\n<h3 class=\"wp-block-heading\">Genel Bilgiler<\/h3>\n\n\n\n<p class=\"wp-block-paragraph\">A\u015fa\u011f\u0131daki bilgiler, bu web sitesini ziyaret etti\u011finizde ki\u015fisel verilerinize ne oldu\u011funa dair basit bir genel bak\u0131\u015f sa\u011flar. Ki\u015fisel veriler, sizi ki\u015fisel olarak tan\u0131mlamak i\u00e7in kullan\u0131labilecek her t\u00fcrl\u00fc bilgiyi ifade eder. Veri koruma hakk\u0131nda ayr\u0131nt\u0131l\u0131 bilgi i\u00e7in l\u00fctfen a\u015fa\u011f\u0131da listelenen gizlilik politikam\u0131za bak\u0131n.<\/p>\n\n\n\n<h3 class=\"wp-block-heading\">Bu Web Sitesinde Veri Toplama<\/h3>\n\n\n\n<h4 class=\"wp-block-heading\">Bu web sitesinde veri toplanmas\u0131ndan kim sorumludur?<\/h4>\n\n\n\n<p class=\"wp-block-paragraph\">Bu web sitesindeki veri i\u015fleme, web sitesi operat\u00f6r\u00fc taraf\u0131ndan ger\u00e7ekle\u015ftirilir. \u0130leti\u015fim bilgilerini bu gizlilik politikas\u0131n\u0131n \"Sorumlu Taraf Hakk\u0131nda Bilgiler\" b\u00f6l\u00fcm\u00fcnde bulabilirsiniz.<\/p>\n\n\n\n<h4 class=\"wp-block-heading\">Verilerinizi nas\u0131l topluyoruz?<\/h4>\n\n\n\n<p class=\"wp-block-paragraph\">Verileriniz iki \u015fekilde toplan\u0131r: ya bize sa\u011flad\u0131\u011f\u0131n\u0131z bilgiler arac\u0131l\u0131\u011f\u0131yla (\u00f6rne\u011fin, bir ileti\u015fim formuna girdi\u011finiz veriler) ya da web sitesini ziyaret etti\u011finizde BT sistemlerimiz arac\u0131l\u0131\u011f\u0131yla otomatik olarak. Buna teknik veriler de dahildir (internet taray\u0131c\u0131s\u0131, i\u015fletim sistemi veya sayfaya eri\u015fim zaman\u0131 gibi). Bu veriler, web sitemize girdi\u011finiz anda otomatik olarak toplan\u0131r.<\/p>\n\n\n\n<h4 class=\"wp-block-heading\">Verilerinizi nas\u0131l kullan\u0131yoruz?<\/h4>\n\n\n\n<p class=\"wp-block-paragraph\">Baz\u0131 veriler web sitesinin d\u00fczg\u00fcn \u00e7al\u0131\u015fmas\u0131n\u0131 sa\u011flamak i\u00e7in toplan\u0131r. Di\u011fer veriler kullan\u0131c\u0131 davran\u0131\u015f\u0131n\u0131z\u0131 analiz etmek i\u00e7in kullan\u0131labilir.<\/p>\n\n\n\n<h4 class=\"wp-block-heading\">Verilerinizle ilgili hangi haklara sahipsiniz?<\/h4>\n\n\n\n<p class=\"wp-block-paragraph\">Saklanan ki\u015fisel verilerinizin kayna\u011f\u0131, al\u0131c\u0131lar\u0131 ve amac\u0131 hakk\u0131nda istedi\u011finiz zaman \u00fccretsiz bilgi alma hakk\u0131na sahipsiniz. Ayr\u0131ca bu verilerin d\u00fczeltilmesini veya silinmesini talep etme hakk\u0131na da sahipsiniz. Veri i\u015fleme i\u00e7in onay verdiyseniz, bu onay\u0131 istedi\u011finiz zaman gelecekteki i\u015flemler i\u00e7in iptal edebilirsiniz. Ayr\u0131ca, belirli ko\u015fullar alt\u0131nda, ki\u015fisel verilerinizin i\u015flenmesine ili\u015fkin k\u0131s\u0131tlamalar talep etme hakk\u0131na sahipsiniz.<\/p>\n\n\n\n<p class=\"wp-block-paragraph\">Bu ve di\u011fer veri koruma sorular\u0131n\u0131zla ilgili olarak istedi\u011finiz zaman bizimle ileti\u015fime ge\u00e7ebilirsiniz.<\/p>\n\n\n\n<h3 class=\"wp-block-heading\">Analitik ve \u00dc\u00e7\u00fcnc\u00fc Taraf Ara\u00e7lar\u0131<\/h3>\n\n\n\n<p class=\"wp-block-paragraph\">Bu web sitesini ziyaret ederken, tarama davran\u0131\u015f\u0131n\u0131z istatistiksel olarak analiz edilebilir. Bu \u00f6ncelikle analitik programlar kullan\u0131larak yap\u0131l\u0131r.<\/p>\n\n\n\n<p class=\"wp-block-paragraph\">Bu analiz programlar\u0131 hakk\u0131nda ayr\u0131nt\u0131l\u0131 bilgi a\u015fa\u011f\u0131daki gizlilik politikas\u0131nda bulunabilir.<\/p>\n\n\n\n<h2 class=\"wp-block-heading\">2. Bar\u0131nd\u0131rma<\/h2>\n\n\n\n<p class=\"wp-block-paragraph\">Web sitesi i\u00e7eri\u011fimizi a\u015fa\u011f\u0131daki sa\u011flay\u0131c\u0131 ile bar\u0131nd\u0131r\u0131yoruz:<\/p>\n\n\n\n<h4 class=\"wp-block-heading\">Harici Bar\u0131nd\u0131rma<\/h4>\n\n\n\n<p class=\"wp-block-paragraph\">Bu web sitesi harici olarak bar\u0131nd\u0131r\u0131lmaktad\u0131r. Bu web sitesinde toplanan ki\u015fisel veriler bar\u0131nd\u0131r\u0131c\u0131n\u0131n sunucular\u0131nda saklan\u0131r. Bu veriler aras\u0131nda IP adresleri, ileti\u015fim talepleri, meta veriler ve ileti\u015fim verileri, s\u00f6zle\u015fme bilgileri, ileti\u015fim bilgileri, isimler, web sitesi eri\u015fimi ve web sitesi kullan\u0131m\u0131 yoluyla olu\u015fturulan di\u011fer veriler yer alabilir.<\/p>\n\n\n\n<p class=\"wp-block-paragraph\">Harici bar\u0131nd\u0131rma, potansiyel ve mevcut m\u00fc\u015fterilerimizle s\u00f6zle\u015fmenin yerine getirilmesi amac\u0131yla (GDPR Madde 6(1)(b)) ve \u00e7evrimi\u00e7i hizmetlerimizin profesyonel bir sa\u011flay\u0131c\u0131 taraf\u0131ndan g\u00fcvenli, h\u0131zl\u0131 ve verimli bir \u015fekilde sa\u011flanmas\u0131 amac\u0131yla (GDPR Madde 6(1)(f)) kullan\u0131l\u0131r. Uygun onay al\u0131nm\u0131\u015fsa, i\u015fleme yaln\u0131zca GDPR Madde 6(1)(a) temelinde ger\u00e7ekle\u015ftirilir. 6(1)(a) GDPR ve \u00a7 25(1) TTDSG'ye dayan\u0131larak, r\u0131zan\u0131n \u00e7erezlerin depolanmas\u0131n\u0131 veya TTDSG'de tan\u0131mland\u0131\u011f\u0131 gibi kullan\u0131c\u0131n\u0131n son cihaz\u0131ndaki bilgilere eri\u015fimi (\u00f6rn. cihaz parmak izi) i\u00e7erdi\u011fi \u00f6l\u00e7\u00fcde ger\u00e7ekle\u015ftirilir. Bu onay herhangi bir zamanda iptal edilebilir.<\/p>\n\n\n\n<p class=\"wp-block-paragraph\">Ev sahibimiz verilerinizi yaln\u0131zca hizmet y\u00fck\u00fcml\u00fcl\u00fcklerini yerine getirmek i\u00e7in gerekli oldu\u011fu \u00f6l\u00e7\u00fcde i\u015fleyecek ve bu verilerle ilgili talimatlar\u0131m\u0131za uyacakt\u0131r.<\/p>\n\n\n\n<p class=\"wp-block-paragraph\">A\u015fa\u011f\u0131daki bar\u0131nd\u0131rma sa\u011flay\u0131c\u0131s\u0131n\u0131 kullan\u0131yoruz:<br><br>K Media Tech (WPX'in sahibi) BG 202249002<br>13, 20 Nisan Caddesi<br>Sofya 1000<br>Bulgaristan<\/p>\n\n\n\n<h2 class=\"wp-block-heading\">3. Genel Bilgiler ve Zorunlu A\u00e7\u0131klamalar<\/h2>\n\n\n\n<h3 class=\"wp-block-heading\">Veri Koruma<\/h3>\n\n\n\n<p class=\"wp-block-paragraph\">Bu web sitesinin operat\u00f6rleri ki\u015fisel verilerinizin korunmas\u0131n\u0131 \u00e7ok ciddiye almaktad\u0131r. Ki\u015fisel verilerinizi gizli ve yasal veri koruma d\u00fczenlemelerine ve bu gizlilik politikas\u0131na uygun olarak ele al\u0131yoruz.<\/p>\n\n\n\n<p class=\"wp-block-paragraph\">Bu web sitesini kulland\u0131\u011f\u0131n\u0131zda, \u00e7e\u015fitli ki\u015fisel veriler toplan\u0131r. Ki\u015fisel veriler, sizi ki\u015fisel olarak tan\u0131mlamak i\u00e7in kullan\u0131labilecek bilgilerdir. Bu gizlilik politikas\u0131 hangi verileri toplad\u0131\u011f\u0131m\u0131z\u0131 ve bunlar\u0131 nas\u0131l kulland\u0131\u011f\u0131m\u0131z\u0131 a\u00e7\u0131klamaktad\u0131r. Ayr\u0131ca bunun nas\u0131l ve ne ama\u00e7la ger\u00e7ekle\u015fti\u011fini de a\u00e7\u0131klar.<\/p>\n\n\n\n<p class=\"wp-block-paragraph\">\u0130nternet \u00fczerinden veri aktar\u0131m\u0131n\u0131n (\u00f6rne\u011fin, e-posta yoluyla ileti\u015fim kurarken) g\u00fcvenlik a\u00e7\u0131klar\u0131 olabilece\u011fini l\u00fctfen unutmay\u0131n. Verilerin \u00fc\u00e7\u00fcnc\u00fc taraflar\u0131n eri\u015fimine kar\u015f\u0131 tam olarak korunmas\u0131 m\u00fcmk\u00fcn de\u011fildir.<\/p>\n\n\n\n<h3 class=\"wp-block-heading\">Sorumlu Taraf Hakk\u0131nda Bilgi<\/h3>\n\n\n\n<p class=\"wp-block-paragraph\">Bu web sitesindeki veri i\u015flemeden sorumlu taraf:<\/p>\n\n\n\n<p class=\"wp-block-paragraph\">VEWOI<br>Gherman Zolotcov<br>Vogelsbergstra\u00dfe 33<br>60316 Frankfurt am Main<\/p>\n\n\n\n<p class=\"wp-block-paragraph\">Telefon numaras\u0131: 01722050476<br>E-posta: contact@vewoi.com<\/p>\n\n\n\n<p class=\"wp-block-paragraph\">Sorumlu taraf, ki\u015fisel verilerin (\u00f6rn. isimler, e-posta adresleri, vb.) i\u015flenme ama\u00e7lar\u0131n\u0131 ve ara\u00e7lar\u0131n\u0131 tek ba\u015f\u0131na veya ba\u015fkalar\u0131yla birlikte belirleyen ger\u00e7ek veya t\u00fczel ki\u015fidir.<\/p>\n\n\n\n<h3 class=\"wp-block-heading\">Depolama S\u00fcresi<\/h3>\n\n\n\n<p class=\"wp-block-paragraph\">Bu gizlilik politikas\u0131nda daha spesifik bir saklama s\u00fcresi belirtilmedi\u011fi s\u00fcrece, ki\u015fisel verileriniz, veri i\u015fleme amac\u0131 art\u0131k ge\u00e7erli olmayana kadar bizde kalacakt\u0131r. Me\u015fru bir silme talebi g\u00f6nderirseniz veya veri i\u015fleme izninizi iptal ederseniz, ki\u015fisel verilerinizi saklamak i\u00e7in yasal olarak izin verilen ba\u015fka nedenlerimiz (vergi veya ticaret kanunu saklama s\u00fcreleri gibi) olmad\u0131\u011f\u0131 s\u00fcrece verileriniz silinecektir; ikinci durumda, silme i\u015flemi bu nedenler ortadan kalkt\u0131ktan sonra ger\u00e7ekle\u015fecektir.<\/p>\n\n\n\n<h3 class=\"wp-block-heading\">Bu Web Sitesinde Veri \u0130\u015flemenin Yasal Dayana\u011f\u0131 Hakk\u0131nda Genel Bilgiler<\/h3>\n\n\n\n<p class=\"wp-block-paragraph\">Veri i\u015flemeye izin verdiyseniz, ki\u015fisel verilerinizi GDPR Madde 6(1(a) veya Madde 6(1)(a) GDPR veya Art. 9(2)(a) GDPR'ye g\u00f6re \u00f6zel veri kategorileri i\u015fleniyorsa. 9(1) GDPR uyar\u0131nca \u00f6zel veri kategorileri i\u015fleniyorsa. Ki\u015fisel verilerin \u00fc\u00e7\u00fcnc\u00fc \u00fclkelere aktar\u0131lmas\u0131na a\u00e7\u0131k r\u0131za g\u00f6sterilmesi durumunda, veri i\u015fleme ayr\u0131ca GDPR Madde 49(1)(a)'ya dayanmaktad\u0131r. 49(1)(a) GDPR'ye dayanmaktad\u0131r. \u00c7erezlerin depolanmas\u0131na veya cihaz\u0131n\u0131zdaki bilgilere eri\u015filmesine (\u00f6rne\u011fin, cihaz parmak izi yoluyla) izin verdiyseniz, veri i\u015fleme ayr\u0131ca TTDSG Madde 25 (1)'e dayanmaktad\u0131r. Onay her zaman iptal edilebilir. Verileriniz s\u00f6zle\u015fmenin yerine getirilmesi veya s\u00f6zle\u015fme \u00f6ncesi \u00f6nlemlerin al\u0131nmas\u0131 i\u00e7in gerekliyse, verilerinizi GD Madde 6(1)(b) temelinde i\u015fleriz. 6(1)(b) GDPR temelinde i\u015flemekteyiz. Ayr\u0131ca, yasal bir y\u00fck\u00fcml\u00fcl\u00fc\u011f\u00fc yerine getirmek i\u00e7in gerekli olmas\u0131 halinde verilerinizi GDPR Madde 6(1)(c) temelinde i\u015fleriz. 6(1)(c) GDPR temelinde i\u015fliyoruz. Veri i\u015fleme, GDPR Madde 6(1)(f) uyar\u0131nca me\u015fru menfaatimiz temelinde de ger\u00e7ekle\u015ftirilebilir. 6(1)(f) GDPR uyar\u0131nca da ger\u00e7ekle\u015ftirilebilir. Her bir durumda ilgili yasal dayanaklar hakk\u0131nda bilgi, bu gizlilik politikas\u0131n\u0131n a\u015fa\u011f\u0131daki paragraflar\u0131nda verilmektedir.<\/p>\n\n\n\n<h3 class=\"wp-block-heading\">Gizlilik A\u00e7\u0131s\u0131ndan G\u00fcvenli Olmayan \u00dc\u00e7\u00fcnc\u00fc \u00dclkelere ve DPF Sertifikas\u0131 Olmayan ABD \u015eirketlerine Veri Aktar\u0131m\u0131na \u0130li\u015fkin Bildirim<\/h3>\n\n\n\n<p class=\"wp-block-paragraph\">Gizlilik a\u00e7\u0131s\u0131ndan g\u00fcvenli olmayan \u00fc\u00e7\u00fcnc\u00fc \u00fclkelerde bulunan \u015firketlerin ara\u00e7lar\u0131n\u0131n yan\u0131 s\u0131ra sa\u011flay\u0131c\u0131lar\u0131 AB-ABD Veri Gizlili\u011fi \u00c7er\u00e7evesi (DPF) kapsam\u0131nda sertifikal\u0131 olmayan ABD ara\u00e7lar\u0131n\u0131 kullan\u0131yoruz. Bu ara\u00e7lar aktif oldu\u011funda, ki\u015fisel verileriniz bu \u00fclkelere aktar\u0131labilir ve bu \u00fclkelerde i\u015flenebilir. Gizlilik a\u00e7\u0131s\u0131ndan g\u00fcvenli olmayan \u00fc\u00e7\u00fcnc\u00fc \u00fclkelerde, AB'dekiyle kar\u015f\u0131la\u015ft\u0131r\u0131labilir bir veri koruma seviyesinin garanti edilemeyece\u011fini belirtmek isteriz.<\/p>\n\n\n\n<p class=\"wp-block-paragraph\">ABD'nin yaln\u0131zca al\u0131c\u0131n\u0131n AB-ABD Veri Gizlili\u011fi \u00c7er\u00e7evesi (DPF) sertifikas\u0131na veya yeterli ek garantilere sahip olmas\u0131 halinde g\u00fcvenli bir \u00fc\u00e7\u00fcnc\u00fc \u00fclke olarak kabul edildi\u011fini l\u00fctfen unutmay\u0131n. Al\u0131c\u0131n\u0131n DPF sertifikas\u0131na veya uygun ek g\u00fcvencelere sahip olmas\u0131 halinde ABD'ye veri aktar\u0131m\u0131na izin verilir. Veri al\u0131c\u0131lar\u0131 da dahil olmak \u00fczere \u00fc\u00e7\u00fcnc\u00fc \u00fclkelere yap\u0131lan aktar\u0131mlarla ilgili bilgiler bu gizlilik politikas\u0131nda bulunabilir.<\/p>\n\n\n\n<h3 class=\"wp-block-heading\">Ki\u015fisel Verilerin Al\u0131c\u0131lar\u0131<\/h3>\n\n\n\n<p class=\"wp-block-paragraph\">Ticari faaliyetlerimizin bir par\u00e7as\u0131 olarak \u00e7e\u015fitli harici taraflarla \u00e7al\u0131\u015fmaktay\u0131z. Baz\u0131 durumlarda, bu durum ki\u015fisel verilerin bu harici taraflara aktar\u0131lmas\u0131n\u0131 gerektirmektedir. Ki\u015fisel verileri harici taraflarla yaln\u0131zca s\u00f6zle\u015fmenin yerine getirilmesi i\u00e7in gerekliyse, yasal olarak bunu yapmak zorundaysak (\u00f6rne\u011fin, vergi makamlar\u0131yla veri payla\u015f\u0131m\u0131), GDPR Madde 6 (1) (f) uyar\u0131nca me\u015fru bir menfaatimiz varsa veya ba\u015fka bir yasal dayanak veri aktar\u0131m\u0131na izin veriyorsa payla\u015f\u0131r\u0131z. 6(1)(f) GDPR uyar\u0131nca me\u015fru menfaatimiz varsa veya ba\u015fka bir yasal dayanak veri aktar\u0131m\u0131na izin veriyorsa. Veri i\u015fleyicileri kullan\u0131rken, m\u00fc\u015fterilerimizin ki\u015fisel verilerini yaln\u0131zca ge\u00e7erli bir veri i\u015fleme s\u00f6zle\u015fmesine dayanarak payla\u015f\u0131r\u0131z. Ortak i\u015fleme durumunda, bir ortak i\u015fleme s\u00f6zle\u015fmesi imzalan\u0131r.<\/p>\n\n\n\n<h3 class=\"wp-block-heading\">Veri \u0130\u015fleme \u0130zninizin \u0130ptali<\/h3>\n\n\n\n<p class=\"wp-block-paragraph\">Bir\u00e7ok veri i\u015fleme i\u015flemi yaln\u0131zca sizin a\u00e7\u0131k r\u0131zan\u0131zla m\u00fcmk\u00fcnd\u00fcr. Vermi\u015f oldu\u011funuz onay\u0131 diledi\u011finiz zaman iptal edebilirsiniz. \u0130ptal edilene kadar ger\u00e7ekle\u015ftirilen veri i\u015flemenin yasall\u0131\u011f\u0131 iptalden etkilenmez.<\/p>\n\n\n\n<h3 class=\"wp-block-heading\">\u00d6zel Durumlarda Veri Toplamaya ve Do\u011frudan Pazarlamaya \u0130tiraz Etme Hakk\u0131 (GDPR Madde 21)<\/h3>\n\n\n\n<p class=\"wp-block-paragraph\">VERI\u0307 I\u0307\u015eLEME I\u0307\u015eLEMI\u0307NI\u0307N GDPR MADDE 6(1)(E) VEYA (F)'YE DAYALI OLARAK YAPILMASI DURUMUNDA GDPR 6(1)(E) VEYA (F), \u00d6ZEL DURUMUNUZDAN KAYNAKLANAN NEDENLERLE HERHANGI BIR ZAMANDA KI\u015eISEL VERILERINIZIN I\u015eLENMESINE ITIRAZ ETME HAKKINA SAHIPSINIZ; BU AYNI ZAMANDA BU H\u00dcK\u00dcMLERE DAYALI PROFILLEME I\u00c7IN DE GE\u00c7ERLIDIR. I\u0307\u015eLEMENI\u0307N DAYANDI\u011eI I\u0307LGI\u0307LI\u0307 YASAL DAYANAK BU GI\u0307ZLI\u0307LI\u0307K POLI\u0307TI\u0307KASINDA BULUNABI\u0307LI\u0307R. I\u0307TI\u0307RAZ ETMENI\u0307Z HALI\u0307NDE, MENFAATLERI\u0307NI\u0307ZI\u0307, HAKLARINIZI VE \u00d6ZG\u00dcRL\u00dcKLERI\u0307NI\u0307ZI\u0307 GE\u00c7ERSI\u0307Z KILAN I\u0307\u015eLEME I\u0307\u00c7I\u0307N ZORLAYICI ME\u015eRU GEREK\u00c7ELER G\u00d6STEREMEDI\u0307\u011eI\u0307MI\u0307Z VEYA I\u0307\u015eLEMENI\u0307N YASAL TALEPLERI\u0307 I\u0307LERI\u0307 S\u00dcRMEK, UYGULAMAK VEYA SAVUNMAK I\u0307\u00c7I\u0307N KULLANILMADI\u011eI S\u00dcRECE KI\u0307\u015eI\u0307SEL VERI\u0307LERI\u0307NI\u0307ZI\u0307 ARTIK I\u0307\u015eLEMEYECE\u011eI\u0307Z (MADDE 21(1) KAPSAMINDA I\u0307TI\u0307RAZ). GDPR 21(1) UYARINCA ITIRAZ).<\/p>\n\n\n\n<p class=\"wp-block-paragraph\">KI\u0307\u015eI\u0307SEL VERI\u0307LERI\u0307NI\u0307Z DO\u011eRUDAN PAZARLAMA AMA\u00c7LARIYLA I\u0307\u015eLENI\u0307YORSA, S\u00d6Z KONUSU DO\u011eRUDAN PAZARLAMA I\u0307LE I\u0307LGI\u0307LI\u0307 PROFI\u0307L OLU\u015eTURMA DA DAHI\u0307L OLMAK \u00dcZERE, S\u00d6Z KONUSU PAZARLAMA I\u0307\u00c7I\u0307N SI\u0307ZI\u0307NLE I\u0307LGI\u0307LI\u0307 KI\u0307\u015eI\u0307SEL VERI\u0307LERI\u0307N I\u0307\u015eLENMESI\u0307NE HER ZAMAN I\u0307TI\u0307RAZ ETME HAKKINIZ VARDIR. \u0130TIRAZ ETMENIZ HALINDE, KI\u015eISEL VERILERINIZ DAHA SONRA DO\u011eRUDAN PAZARLAMA AMACIYLA KULLANILMAYACAKTIR (GDPR MADDE 21(2) UYARINCA ITIRAZ). GDPR 21(2) UYARINCA ITIRAZ).<\/p>\n\n\n\n<h3 class=\"wp-block-heading\">Bilgi Edinme, D\u00fczeltme ve Silme Hakk\u0131<\/h3>\n\n\n\n<p class=\"wp-block-paragraph\">Y\u00fcr\u00fcrl\u00fckteki yasal h\u00fck\u00fcmler \u00e7er\u00e7evesinde, saklanan ki\u015fisel verileriniz, bunlar\u0131n kayna\u011f\u0131 ve al\u0131c\u0131lar\u0131 ve veri i\u015flemenin amac\u0131 hakk\u0131nda \u00fccretsiz bilgi alma ve varsa bu verileri d\u00fczeltme veya silme hakk\u0131na sahipsiniz. Bu ve ki\u015fisel verilerle ilgili di\u011fer sorular\u0131n\u0131zla ilgili olarak istedi\u011finiz zaman bizimle ileti\u015fime ge\u00e7ebilirsiniz.<\/p>\n\n\n\n<h3 class=\"wp-block-heading\">\u0130\u015flemenin K\u0131s\u0131tlanmas\u0131 Hakk\u0131<\/h3>\n\n\n\n<p class=\"wp-block-paragraph\">Ki\u015fisel verilerinizin i\u015flenmesinin k\u0131s\u0131tlanmas\u0131n\u0131 talep etme hakk\u0131na sahipsiniz. Bununla ilgili olarak istedi\u011finiz zaman bizimle ileti\u015fime ge\u00e7ebilirsiniz. \u0130\u015flemenin k\u0131s\u0131tlanmas\u0131 hakk\u0131 a\u015fa\u011f\u0131daki durumlarda mevcuttur:<\/p>\n\n\n\n<ul class=\"wp-block-list\">\n<li>Taraf\u0131m\u0131zca saklanan ki\u015fisel verilerinizin do\u011frulu\u011funa itiraz ederseniz, bunu do\u011frulamak i\u00e7in genellikle zamana ihtiyac\u0131m\u0131z vard\u0131r. Do\u011frulama s\u00fcresi boyunca, ki\u015fisel verilerinizin i\u015flenmesinin k\u0131s\u0131tlanmas\u0131n\u0131 talep etme hakk\u0131na sahipsiniz.<\/li>\n\n\n\n<li>Ki\u015fisel verilerinizin i\u015flenmesinin hukuka ayk\u0131r\u0131 olmas\u0131 durumunda, silme yerine veri i\u015flemenin k\u0131s\u0131tlanmas\u0131n\u0131 talep edebilirsiniz.<\/li>\n\n\n\n<li>Ki\u015fisel verilerinize art\u0131k ihtiyac\u0131m\u0131z yoksa ancak yasal talepleri uygulamak, savunmak veya ileri s\u00fcrmek i\u00e7in ihtiyac\u0131n\u0131z varsa, ki\u015fisel verilerinizin silinmesi yerine i\u015flemenin k\u0131s\u0131tlanmas\u0131n\u0131 talep etme hakk\u0131na sahipsiniz.<\/li>\n\n\n\n<li>GDPR Madde 21(1) uyar\u0131nca bir itirazda bulunduysan\u0131z GDPR 21(1) uyar\u0131nca itirazda bulunman\u0131z halinde, sizin ve bizim \u00e7\u0131karlar\u0131m\u0131z tart\u0131lmal\u0131d\u0131r. Kimin \u00e7\u0131karlar\u0131n\u0131n \u00fcst\u00fcn geldi\u011fi belirlenmedi\u011fi s\u00fcrece, ki\u015fisel verilerinizin i\u015flenmesinin k\u0131s\u0131tlanmas\u0131n\u0131 talep etme hakk\u0131na sahipsiniz.<\/li>\n<\/ul>\n\n\n\n<p class=\"wp-block-paragraph\">Ki\u015fisel verilerinizin i\u015flenmesini k\u0131s\u0131tlad\u0131ysan\u0131z, bu veriler - saklanman\u0131n yan\u0131 s\u0131ra - yaln\u0131zca sizin izninizle veya yasal taleplerin ileri s\u00fcr\u00fclmesi, uygulanmas\u0131 veya savunulmas\u0131 i\u00e7in veya ba\u015fka bir ger\u00e7ek veya t\u00fczel ki\u015finin haklar\u0131n\u0131n korunmas\u0131 i\u00e7in veya Avrupa Birli\u011fi veya bir \u00dcye Devletin \u00f6nemli kamu yarar\u0131 nedenleriyle i\u015flenebilir.<\/p>\n\n\n\n<h3 class=\"wp-block-heading\">SSL ve TLS \u015eifreleme<\/h3>\n\n\n\n<p class=\"wp-block-paragraph\">Bu site, g\u00fcvenlik nedenleriyle ve site operat\u00f6r\u00fc olarak bize g\u00f6nderdi\u011finiz sipari\u015fler veya sorular gibi gizli i\u00e7eri\u011fin iletimini korumak i\u00e7in SSL veya TLS \u015fifreleme kullan\u0131r. \u015eifrelenmi\u015f bir ba\u011flant\u0131y\u0131, taray\u0131c\u0131n\u0131z\u0131n adres sat\u0131r\u0131ndaki \"http:\/\/\" ifadesinin \"https:\/\/\" olarak de\u011fi\u015fmesinden ve taray\u0131c\u0131 sat\u0131r\u0131n\u0131zdaki kilit sembol\u00fcnden anlayabilirsiniz.<\/p>\n\n\n\n<p class=\"wp-block-paragraph\">SSL veya TLS \u015fifreleme etkinle\u015ftirildi\u011finde, bize aktard\u0131\u011f\u0131n\u0131z veriler \u00fc\u00e7\u00fcnc\u00fc taraflarca okunamaz.<\/p>\n\n\n\n<h2 class=\"wp-block-heading\">4. Bu Web Sitesinde Veri Toplama<\/h2>\n\n\n\n<h3 class=\"wp-block-heading\">\u00c7erezler<\/h3>\n\n\n\n<p class=\"wp-block-paragraph\">Web sitelerimiz \"\u00e7erezler\" kullanmaktad\u0131r. \u00c7erezler k\u00fc\u00e7\u00fck veri paketleridir ve cihaz\u0131n\u0131za zarar vermezler. Cihaz\u0131n\u0131zda ya bir oturum s\u00fcresince ge\u00e7ici olarak (oturum \u00e7erezleri) ya da kal\u0131c\u0131 olarak (kal\u0131c\u0131 \u00e7erezler) saklan\u0131rlar. Oturum \u00e7erezleri ziyaretinizden sonra otomatik olarak silinir. Kal\u0131c\u0131 \u00e7erezler, siz silene kadar veya web taray\u0131c\u0131n\u0131z taraf\u0131ndan otomatik olarak silinene kadar cihaz\u0131n\u0131zda sakl\u0131 kal\u0131r.<\/p>\n\n\n\n<p class=\"wp-block-paragraph\">\u00c7erezler bizden (birinci taraf \u00e7erezleri) veya \u00fc\u00e7\u00fcnc\u00fc taraf \u015firketlerden (\u00fc\u00e7\u00fcnc\u00fc taraf \u00e7erezleri) gelebilir. \u00dc\u00e7\u00fcnc\u00fc taraf \u00e7erezleri, \u00fc\u00e7\u00fcnc\u00fc taraf \u015firketlerden gelen belirli hizmetlerin web sitelerine entegre edilmesini sa\u011flar (\u00f6rne\u011fin, \u00f6deme hizmetlerini i\u015flemek i\u00e7in \u00e7erezler).<\/p>\n\n\n\n<p class=\"wp-block-paragraph\">\u00c7erezlerin \u00e7e\u015fitli i\u015flevleri vard\u0131r. Bir\u00e7ok \u00e7erez teknik olarak gereklidir, \u00e7\u00fcnk\u00fc belirli web sitesi i\u015flevleri bunlar olmadan \u00e7al\u0131\u015fmaz (\u00f6rne\u011fin, al\u0131\u015fveri\u015f sepeti i\u015flevi veya video g\u00f6r\u00fcnt\u00fcleme). Di\u011fer \u00e7erezler kullan\u0131c\u0131 davran\u0131\u015f\u0131n\u0131 analiz etmek veya reklam amac\u0131yla kullan\u0131labilir.<\/p>\n\n\n\n<p class=\"wp-block-paragraph\">Elektronik ileti\u015fim s\u00fcrecini y\u00fcr\u00fctmek, talep etti\u011finiz belirli i\u015flevleri sa\u011flamak (\u00f6rn. al\u0131\u015fveri\u015f sepeti i\u015flevi) veya web sitesini optimize etmek (\u00f6rn. web izleyicisini \u00f6l\u00e7mek i\u00e7in \u00e7erezler) i\u00e7in gerekli olan \u00e7erezler, ba\u015fka bir yasal dayanak belirtilmedi\u011fi s\u00fcrece GDPR Madde 6 (1) (f) uyar\u0131nca saklan\u0131r. 6(1)(f) GDPR uyar\u0131nca, ba\u015fka bir yasal dayanak belirtilmedi\u011fi s\u00fcrece saklan\u0131r. Web sitesi operat\u00f6r\u00fc, hizmetlerinin teknik olarak hatas\u0131z ve optimize edilmi\u015f bir \u015fekilde sunulmas\u0131 i\u00e7in gerekli \u00e7erezlerin saklanmas\u0131nda me\u015fru bir menfaate sahiptir. \u00c7erezlerin ve benzer tan\u0131ma teknolojilerinin saklanmas\u0131 i\u00e7in onay talep edilmi\u015fse, i\u015fleme yaln\u0131zca bu onaya dayal\u0131 olarak ger\u00e7ekle\u015ftirilir (GDPR Madde 6(1)(a) ve TTDSG Madde 25(1)); bu onay herhangi bir zamanda iptal edilebilir.<\/p>\n\n\n\n<p class=\"wp-block-paragraph\">Taray\u0131c\u0131n\u0131z\u0131, \u00e7erezlerin ayarlanmas\u0131 hakk\u0131nda sizi bilgilendirecek ve yaln\u0131zca bireysel durumlarda \u00e7erezlere izin verecek, belirli durumlar i\u00e7in veya genel olarak \u00e7erezlerin kabul\u00fcn\u00fc hari\u00e7 tutacak ve taray\u0131c\u0131y\u0131 kapat\u0131rken \u00e7erezlerin otomatik olarak silinmesini etkinle\u015ftirecek \u015fekilde ayarlayabilirsiniz. \u00c7erezleri devre d\u0131\u015f\u0131 b\u0131rak\u0131rken, bu web sitesinin i\u015flevselli\u011fi s\u0131n\u0131rl\u0131 olabilir.<\/p>\n\n\n\n<p class=\"wp-block-paragraph\">Bu web sitesinde hangi \u00e7erezlerin ve hizmetlerin kullan\u0131ld\u0131\u011f\u0131na ili\u015fkin bilgileri bu gizlilik politikas\u0131nda bulabilirsiniz.<\/p>\n\n\n\n<h3 class=\"wp-block-heading\">Sunucu G\u00fcnl\u00fck Dosyalar\u0131<\/h3>\n\n\n\n<p class=\"wp-block-paragraph\">Sayfalar\u0131n sa\u011flay\u0131c\u0131s\u0131, taray\u0131c\u0131n\u0131z\u0131n otomatik olarak bize iletti\u011fi sunucu g\u00fcnl\u00fck dosyalar\u0131ndaki bilgileri otomatik olarak toplar ve saklar. Bunlar \u015funlard\u0131r:<\/p>\n\n\n\n<ul class=\"wp-block-list\">\n<li>Taray\u0131c\u0131 t\u00fcr\u00fc ve taray\u0131c\u0131 s\u00fcr\u00fcm\u00fc<\/li>\n\n\n\n<li>Kullan\u0131lan i\u015fletim sistemi<\/li>\n\n\n\n<li>Y\u00f6nlendiren URL<\/li>\n\n\n\n<li>Eri\u015fen bilgisayar\u0131n ana bilgisayar ad\u0131<\/li>\n\n\n\n<li>Sunucu iste\u011finin zaman\u0131<\/li>\n\n\n\n<li>IP adresi<\/li>\n<\/ul>\n\n\n\n<p class=\"wp-block-paragraph\">Bu veriler di\u011fer veri kaynaklar\u0131yla birle\u015ftirilmemi\u015ftir.<\/p>\n\n\n\n<p class=\"wp-block-paragraph\">Bu verilerin toplanmas\u0131 GDPR Madde 6(1)(f)'ye dayanmaktad\u0131r. 6(1)(f) GDPR'ye dayanmaktad\u0131r. Web sitesi operat\u00f6r\u00fc, web sitesinin teknik olarak hatas\u0131z sunumu ve optimizasyonu konusunda me\u015fru bir menfaate sahiptir - bu ama\u00e7la sunucu g\u00fcnl\u00fck dosyalar\u0131n\u0131n toplanmas\u0131 gerekir.<\/p>\n\n\n\n<h3 class=\"wp-block-heading\">\u0130leti\u015fim Formu<\/h3>\n\n\n\n<p class=\"wp-block-paragraph\">Bize ileti\u015fim formu arac\u0131l\u0131\u011f\u0131yla soru g\u00f6nderirseniz, orada sa\u011flad\u0131\u011f\u0131n\u0131z ileti\u015fim bilgileri de dahil olmak \u00fczere sorgulama formundaki bilgileriniz, sorguyu i\u015flemek ve takip sorular\u0131 durumunda taraf\u0131m\u0131zdan saklanacakt\u0131r. Bu verileri sizin izniniz olmadan payla\u015fmay\u0131z.<\/p>\n\n\n\n<p class=\"wp-block-paragraph\">Bu verilerin i\u015flenmesi GDPR Madde 6(1)(b)'ye dayanmaktad\u0131r. 6(1)(b) GDPR uyar\u0131nca, sorunuz bir s\u00f6zle\u015fmenin yerine getirilmesiyle ilgiliyse veya s\u00f6zle\u015fme \u00f6ncesi \u00f6nlemlerin al\u0131nmas\u0131 i\u00e7in gerekliyse. Di\u011fer t\u00fcm durumlarda, i\u015fleme, bize g\u00f6nderilen sorular\u0131 etkin bir \u015fekilde i\u015fleme konusundaki me\u015fru menfaatimize (GDPR Madde 6(1)(f)) veya talep edilmi\u015fse onay\u0131n\u0131za (GDPR Madde 6(1)(a)) dayanmaktad\u0131r; onay herhangi bir zamanda iptal edilebilir.<\/p>\n\n\n\n<p class=\"wp-block-paragraph\">\u0130leti\u015fim formuna girdi\u011finiz veriler, siz silme talebinde bulunana, saklama izninizi iptal edene veya veri saklama amac\u0131 art\u0131k ge\u00e7erli olmayana kadar (\u00f6rn. talebinizi tamamlad\u0131ktan sonra) bizde kalacakt\u0131r. Zorunlu yasal h\u00fck\u00fcmler - \u00f6zellikle saklama s\u00fcreleri - etkilenmeden kal\u0131r.<\/p>\n\n\n\n<h3 class=\"wp-block-heading\">Gravatar<\/h3>\n\n\n\n<p class=\"wp-block-paragraph\">Gravatar'\u0131 bu web sitesine entegre ettik. Sa\u011flay\u0131c\u0131 Automattic Inc., 60 29th Street #343, San Francisco, CA 94110, ABD'dir (bundan sonra Gravatar olarak an\u0131lacakt\u0131r).<\/p>\n\n\n\n<p class=\"wp-block-paragraph\">Gravatar, web sitemizin kullan\u0131c\u0131lar\u0131 i\u00e7in ki\u015fisel resimler (avatarlar) sa\u011flanmas\u0131na olanak tan\u0131yan bir ara\u00e7t\u0131r. Avatarlar, kullan\u0131c\u0131lar\u0131n g\u00f6rsel temsilleri olarak hizmet eder ve bir kullan\u0131c\u0131n\u0131n platformla etkile\u015fime girdi\u011fi her yerde (\u00f6r. forumlarda veya sohbetlerde) g\u00f6r\u00fcnt\u00fclenir. Bir kullan\u0131c\u0131 platformla etkile\u015fime girdi\u011finde, avatar\u0131 e-posta adresine ba\u011fl\u0131 se\u00e7ime g\u00f6re g\u00f6r\u00fcnt\u00fclenir. Bu, platforma ki\u015fisel bir dokunu\u015f kazand\u0131r\u0131r ve se\u00e7ilen g\u00f6r\u00fcnt\u00fc \u00e7evrimi\u00e7i olduklar\u0131nda kullan\u0131c\u0131larla ili\u015fkilendirildi\u011finden tan\u0131mlamay\u0131 kolayla\u015ft\u0131r\u0131r.<\/p>\n\n\n\n<p class=\"wp-block-paragraph\">Gravatar etkinle\u015ftirildi\u011finde web sitemizde yorum yapt\u0131\u011f\u0131n\u0131zda veya etkile\u015fimde bulundu\u011funuzda, Gravatar'\u0131n kulland\u0131\u011f\u0131 e-posta adresinin karmas\u0131 (kimlik olarak kullan\u0131l\u0131r) Gravatar taraf\u0131ndan i\u015flenir.<\/p>\n\n\n\n<p class=\"wp-block-paragraph\">Gravatar kullan\u0131m\u0131 GDPR Madde 6(1)(f)'ye dayanmaktad\u0131r. 6(1)(f) GDPR'ye dayanmaktad\u0131r. Web sitesi operat\u00f6r\u00fcn\u00fcn \u00e7ekici, g\u00f6rsel bir formda me\u015fru bir menfaati vard\u0131r. \u0130lgili onay talep edilmi\u015fse, i\u015fleme yaln\u0131zca GDPR Madde 6(1)(a) ve Madde 25'e dayal\u0131 olarak ger\u00e7ekle\u015ftirilir. 6(1)(a) GDPR ve \u00a7 25(1) TTDSG uyar\u0131nca ger\u00e7ekle\u015ftirilir. Onay her zaman iptal edilebilir.<\/p>\n\n\n\n<p class=\"wp-block-paragraph\">Daha fazla ayr\u0131nt\u0131 i\u00e7in l\u00fctfen https:\/\/automattic.com\/privacy\/ adresindeki sa\u011flay\u0131c\u0131n\u0131n gizlilik politikas\u0131na bak\u0131n.<\/p>\n\n\n\n<p class=\"wp-block-paragraph\">\u015eirket, \"AB-ABD Veri Gizlili\u011fi \u00c7er\u00e7evesi\" (DPF) kapsam\u0131nda sertifikaya sahiptir. DPF, Avrupa Birli\u011fi ve ABD aras\u0131nda, ABD'de veri i\u015fleme i\u00e7in Avrupa veri koruma standartlar\u0131na uyumu sa\u011flamay\u0131 ama\u00e7layan bir anla\u015fmad\u0131r. DPF kapsam\u0131nda sertifikaland\u0131r\u0131lan her \u015firket bu veri koruma standartlar\u0131na uymay\u0131 taahh\u00fct eder. Daha fazla bilgi i\u00e7in l\u00fctfen sa\u011flay\u0131c\u0131n\u0131n ba\u011flant\u0131s\u0131n\u0131 ziyaret edin:<\/p>\n\n\n\n<p class=\"wp-block-paragraph\">https:\/\/www.dataprivacyframework.gov\/participant\/4705<\/p>\n\n\n\n<h3 class=\"wp-block-heading\">Google Analytics<\/h3>\n\n\n\n<p class=\"wp-block-paragraph\">Bu web sitesi, web analiz hizmeti Google Analytics'in i\u015flevlerini kullanmaktad\u0131r. Sa\u011flay\u0131c\u0131 Google Inc., 1600 Amphitheatre Parkway Mountain View, CA 94043, ABD'dir. Google Analytics, web sitesini nas\u0131l kulland\u0131\u011f\u0131n\u0131z\u0131 analiz etmeye yard\u0131mc\u0131 olmak i\u00e7in bilgisayar\u0131n\u0131za yerle\u015ftirilen metin dosyalar\u0131 olan \"\u00e7erezleri\" kullan\u0131r. Bu web sitesini kullan\u0131m\u0131n\u0131z hakk\u0131nda \u00e7erez taraf\u0131ndan olu\u015fturulan bilgiler genellikle Google taraf\u0131ndan Amerika Birle\u015fik Devletleri'ndeki sunuculara iletilir ve burada saklan\u0131r.<\/p>\n\n\n\n<p class=\"wp-block-paragraph\">Bu web sitesinde IP anonimle\u015ftirme etkinle\u015ftirilirse, IP adresiniz Google taraf\u0131ndan Avrupa Birli\u011fi \u00fcye \u00fclkelerinde veya Avrupa Ekonomik Alan\u0131 Anla\u015fmas\u0131'n\u0131n di\u011fer s\u00f6zle\u015fme \u00fclkelerinde iletilmeden \u00f6nce kesilecektir. Sadece istisnai durumlarda tam IP adresi ABD'deki bir Google sunucusuna iletilecek ve orada k\u0131salt\u0131lacakt\u0131r. Bu web sitesinin operat\u00f6r\u00fc ad\u0131na, Google bu bilgileri web sitesini kullan\u0131m\u0131n\u0131z\u0131 de\u011ferlendirmek, web sitesi faaliyetleri hakk\u0131nda raporlar derlemek ve web sitesi operat\u00f6r\u00fcne web sitesi ve internet kullan\u0131m\u0131 ile ilgili di\u011fer hizmetleri sa\u011flamak i\u00e7in kullanacakt\u0131r. Google Analytics'in bir par\u00e7as\u0131 olarak taray\u0131c\u0131n\u0131z taraf\u0131ndan iletilen IP adresi, di\u011fer Google verileriyle birle\u015ftirilmeyecektir.<\/p>\n\n\n\n<p class=\"wp-block-paragraph\">Taray\u0131c\u0131 yaz\u0131l\u0131m ayarlar\u0131n\u0131z\u0131 uygun \u015fekilde d\u00fczenleyerek \u00e7erezlerin depolanmas\u0131n\u0131 \u00f6nleyebilirsiniz; ancak bu durumda, bu web sitesinin t\u00fcm i\u015flevlerini tam olarak kullanamayabilece\u011finizi l\u00fctfen unutmay\u0131n. Ayr\u0131ca, a\u015fa\u011f\u0131daki ba\u011flant\u0131da bulunan taray\u0131c\u0131 eklentisini indirip y\u00fckleyerek Google'\u0131n \u00e7erez taraf\u0131ndan olu\u015fturulan ve web sitesini kullan\u0131m\u0131n\u0131zla ilgili verileri (IP adresiniz dahil) toplamas\u0131n\u0131 ve bu verileri i\u015flemesini \u00f6nleyebilirsiniz: http:\/\/tools.google.com\/dlpage\/gaoptout<\/p>\n\n\n\n<h2 class=\"wp-block-heading\">5. Sosyal Medya<\/h2>\n\n\n\n<h3 class=\"wp-block-heading\">Pinterest<\/h3>\n\n\n\n<p class=\"wp-block-paragraph\">Bu web sitesinde, Pinterest Europe Ltd., Palmerston House, 2nd Floor, Fenian Street, Dublin 2, \u0130rlanda taraf\u0131ndan i\u015fletilen Pinterest sosyal a\u011f\u0131n\u0131n unsurlar\u0131n\u0131 kullan\u0131yoruz.<\/p>\n\n\n\n<p class=\"wp-block-paragraph\">B\u00f6yle bir \u00f6\u011fe i\u00e7eren bir sayfaya eri\u015fti\u011finizde, taray\u0131c\u0131n\u0131z Pinterest'in sunucular\u0131na do\u011frudan bir ba\u011flant\u0131 kurar. Bu sosyal medya \u00f6\u011fesi, g\u00fcnl\u00fck verilerini Pinterest'in ABD'deki sunucular\u0131na iletir. Bu g\u00fcnl\u00fck verileri IP adresinizi, Pinterest \u00f6zelliklerini de i\u00e7eren ziyaret edilen web sitelerinin adresini, taray\u0131c\u0131 t\u00fcr\u00fcn\u00fc ve ayarlar\u0131n\u0131, iste\u011fin tarih ve saatini, Pinterest kullan\u0131m\u0131n\u0131z\u0131 ve \u00e7erezleri i\u00e7erebilir.<\/p>\n\n\n\n<p class=\"wp-block-paragraph\">Bu hizmetin kullan\u0131m\u0131 GDPR Madde 6(1)(a) uyar\u0131nca izninize dayanmaktad\u0131r. 6(1)(a) GDPR ve \u00a7 25(1) TTDSG uyar\u0131nca onay\u0131n\u0131za dayanmaktad\u0131r. Bu onay her zaman iptal edilebilir.<\/p>\n\n\n\n<p class=\"wp-block-paragraph\">Pinterest taraf\u0131ndan verilerin amac\u0131, kapsam\u0131 ve daha fazla i\u015flenmesi ve kullan\u0131lmas\u0131n\u0131n yan\u0131 s\u0131ra gizlili\u011finizi korumak i\u00e7in ilgili haklar\u0131n\u0131z ve se\u00e7enekleriniz hakk\u0131nda daha fazla bilgi i\u00e7in l\u00fctfen Pinterest'in gizlilik politikas\u0131na bak\u0131n:<\/p>\n\n\n\n<p class=\"wp-block-paragraph\">https:\/\/policy.pinterest.com\/privacy-policy<\/p>\n\n\n\n<h2 class=\"wp-block-heading\">6. Eklentiler ve Ara\u00e7lar<\/h2>\n\n\n\n<h3 class=\"wp-block-heading\">YouTube<\/h3>\n\n\n\n<p class=\"wp-block-paragraph\">Bu web sitesi YouTube'daki videolar\u0131 entegre etmektedir. Web sitesi operat\u00f6r\u00fc Google Ireland Limited (\"Google\"), Gordon House, Barrow Street, Dublin 4, \u0130rlanda'd\u0131r.<\/p>\n\n\n\n<p class=\"wp-block-paragraph\">YouTube i\u00e7eri\u011fi i\u00e7eren sayfalar\u0131m\u0131zdan birini ziyaret etti\u011finizde, YouTube sunucular\u0131yla bir ba\u011flant\u0131 kurulur. YouTube sunucusu, hangi sayfalar\u0131m\u0131z\u0131 ziyaret etti\u011finiz konusunda bilgilendirilir.<\/p>\n\n\n\n<p class=\"wp-block-paragraph\">Ayr\u0131ca, YouTube cihaz\u0131n\u0131zda \u00e7e\u015fitli \u00e7erezler depolayabilir veya benzer tan\u0131ma teknolojileri (\u00f6rn. cihaz parmak izi) kullanabilir. Bu, YouTube'un YouTube videolar\u0131n\u0131n g\u00f6m\u00fcl\u00fc oldu\u011fu bir web sitesini ne zaman ziyaret etti\u011finizi tan\u0131mas\u0131n\u0131 sa\u011flar. Bu veriler genellikle sayfa kullan\u0131m\u0131yla ilgili istatistikleri derlemek, kullan\u0131c\u0131 dostu olma \u00f6zelli\u011fini geli\u015ftirmek ve doland\u0131r\u0131c\u0131l\u0131k giri\u015fimlerini \u00f6nlemek i\u00e7in kullan\u0131l\u0131r. Ayr\u0131ca, toplanan veriler Google reklam a\u011f\u0131 i\u00e7inde i\u015flenir.<\/p>\n\n\n\n<p class=\"wp-block-paragraph\">YouTube hesab\u0131n\u0131zda oturum a\u00e7t\u0131ysan\u0131z, YouTube'un tarama davran\u0131\u015f\u0131n\u0131z\u0131 do\u011frudan ki\u015fisel profilinizle ili\u015fkilendirmesine izin vermi\u015f olursunuz. YouTube hesab\u0131n\u0131zdan \u00e7\u0131k\u0131\u015f yaparak bunu \u00f6nleyebilirsiniz.<\/p>\n\n\n\n<p class=\"wp-block-paragraph\">YouTube'un kullan\u0131m\u0131, \u00e7evrimi\u00e7i tekliflerimizin \u00e7ekici bir \u015fekilde sunulmas\u0131 i\u00e7indir. Bu, GDPR Madde 6(1)(f) kapsam\u0131nda me\u015fru bir menfaati temsil etmektedir. 6(1)(f) Genel Veri Koruma Y\u00f6netmeli\u011fi. \u0130lgili onay talep edilmi\u015fse, i\u015fleme yaln\u0131zca GDPR Madde 6(1)(a)'ya dayal\u0131 olarak ger\u00e7ekle\u015ftirilir. 6(1)(a) GDPR ve \u00a7 25(1) TTDSG'ye dayan\u0131larak, r\u0131zan\u0131n \u00e7erezlerin depolanmas\u0131n\u0131 veya TTDSG'de tan\u0131mland\u0131\u011f\u0131 gibi kullan\u0131c\u0131n\u0131n cihaz\u0131ndaki bilgilere eri\u015fimi (\u00f6rn. cihaz parmak izi) i\u00e7erdi\u011fi \u00f6l\u00e7\u00fcde ger\u00e7ekle\u015ftirilir. Bu onay herhangi bir zamanda iptal edilebilir.<\/p>\n\n\n\n<p class=\"wp-block-paragraph\">Kullan\u0131c\u0131 verilerinin i\u015flenmesi hakk\u0131nda daha fazla bilgi i\u00e7in l\u00fctfen YouTube'un gizlilik politikas\u0131na bak\u0131n:<br>https:\/\/policies.google.com\/privacy<\/p>\n\n\n\n<p class=\"wp-block-paragraph\">\u015eirket, \"AB-ABD Veri Gizlili\u011fi \u00c7er\u00e7evesi\" (DPF) kapsam\u0131nda sertifikaya sahiptir. DPF, Avrupa Birli\u011fi ve ABD aras\u0131nda, ABD'de veri i\u015fleme i\u00e7in Avrupa veri koruma standartlar\u0131na uyumu sa\u011flamay\u0131 ama\u00e7layan bir anla\u015fmad\u0131r. DPF kapsam\u0131nda sertifikaland\u0131r\u0131lan her \u015firket bu veri koruma standartlar\u0131na uymay\u0131 taahh\u00fct eder. Daha fazla bilgi i\u00e7in l\u00fctfen sa\u011flay\u0131c\u0131n\u0131n ba\u011flant\u0131s\u0131n\u0131 ziyaret edin:<br>https:\/\/www.dataprivacyframework.gov\/participant\/5780.<\/p>\n\n\n\n<h3 class=\"wp-block-heading\">Google Yaz\u0131 Tipleri<\/h3>\n\n\n\n<p class=\"wp-block-paragraph\">Bu site, tek tip yaz\u0131 tipi g\u00f6sterimi i\u00e7in Google taraf\u0131ndan sa\u011flanan Google Fonts'u kullanmaktad\u0131r. Bir sayfay\u0131 a\u00e7t\u0131\u011f\u0131n\u0131zda, taray\u0131c\u0131n\u0131z metinleri ve yaz\u0131 tiplerini do\u011fru \u015fekilde g\u00f6r\u00fcnt\u00fclemek i\u00e7in gerekli yaz\u0131 tiplerini taray\u0131c\u0131 \u00f6nbelle\u011finize y\u00fckler.<\/p>\n\n\n\n<p class=\"wp-block-paragraph\">https:\/\/www.dataprivacyframework.gov\/participant\/4705<\/p>\n\n\n\n<p class=\"wp-block-paragraph\">Bu ama\u00e7la, taray\u0131c\u0131n\u0131z\u0131n Google sunucular\u0131yla bir ba\u011flant\u0131 kurmas\u0131 gerekir. Bu, Google'\u0131n IP adresinizin bu web sitesine eri\u015fmek i\u00e7in kullan\u0131ld\u0131\u011f\u0131n\u0131 bilmesini sa\u011flar. Google Fonts'un kullan\u0131m\u0131 GDPR Madde 6(1)(f)'ye dayanmaktad\u0131r. 6(1)(f) GDPR'ye dayanmaktad\u0131r. Web sitesi operat\u00f6r\u00fc, web sitelerinde yaz\u0131 tiplerinin tek tip sunumunda me\u015fru bir menfaate sahiptir. \u0130lgili onay talep edilmi\u015fse, i\u015fleme yaln\u0131zca GDPR Madde 6(1)(a)'ya dayal\u0131 olarak ger\u00e7ekle\u015ftirilir. 6(1)(a) GDPR ve \u00a7 25(1) TTDSG'ye dayan\u0131larak ger\u00e7ekle\u015ftirilir; onay, \u00e7erezlerin depolanmas\u0131n\u0131 veya TTDSG'de tan\u0131mland\u0131\u011f\u0131 gibi kullan\u0131c\u0131n\u0131n cihaz\u0131ndaki bilgilere eri\u015fimi (\u00f6rn. cihaz parmak izi) i\u00e7erdi\u011fi s\u00fcrece. Bu onay herhangi bir zamanda iptal edilebilir.<\/p>\n\n\n\n<p class=\"wp-block-paragraph\">Taray\u0131c\u0131n\u0131z Google Fonts'u desteklemiyorsa, bilgisayar\u0131n\u0131zdaki standart bir yaz\u0131 tipi kullan\u0131lacakt\u0131r.<\/p>\n\n\n\n<p class=\"wp-block-paragraph\">Google Fonts hakk\u0131nda daha fazla bilgiyi \u015fu adreste bulabilirsiniz<br>https:\/\/developers.google.com\/fonts\/faq ve Google'\u0131n gizlilik politikas\u0131nda:<br>https:\/\/policies.google.com\/privacy<\/p>\n\n\n\n<p class=\"wp-block-paragraph\">\u015eirket, \"AB-ABD Veri Gizlili\u011fi \u00c7er\u00e7evesi\" (DPF) kapsam\u0131nda sertifikaya sahiptir. DPF, Avrupa Birli\u011fi ve ABD aras\u0131nda, ABD'de veri i\u015fleme i\u00e7in Avrupa veri koruma standartlar\u0131na uyumu sa\u011flamay\u0131 ama\u00e7layan bir anla\u015fmad\u0131r. DPF kapsam\u0131nda sertifikaland\u0131r\u0131lan her \u015firket bu veri koruma standartlar\u0131na uymay\u0131 taahh\u00fct eder. Daha fazla bilgi i\u00e7in l\u00fctfen sa\u011flay\u0131c\u0131n\u0131n ba\u011flant\u0131s\u0131n\u0131 ziyaret edin:<br>https:\/\/www.dataprivacyframework.gov\/participant\/6505<\/p>\n\n\n\n<h3 class=\"wp-block-heading\">Google Haritalar<\/h3>\n\n\n\n<p class=\"wp-block-paragraph\">Bu site Google Haritalar hizmetini kullanmaktad\u0131r. Sa\u011flay\u0131c\u0131 Google Ireland Limited (\"Google\"), Gordon House, Barrow Street, Dublin 4, \u0130rlanda'd\u0131r. Bu hizmet, haritalar\u0131 web sitemize yerle\u015ftirmemize ve size do\u011frudan web sitesinde etkile\u015fimli haritalar g\u00f6stermemize olanak tan\u0131r.<\/p>\n\n\n\n<p class=\"wp-block-paragraph\">Google Haritalar \u00f6zelliklerini kullanmak i\u00e7in IP adresinizin saklanmas\u0131 gerekir. Bu bilgiler genellikle ABD'deki Google sunucular\u0131na aktar\u0131l\u0131r ve burada saklan\u0131r. Web sitesi operat\u00f6r\u00fcn\u00fcn bu veri aktar\u0131m\u0131 \u00fczerinde hi\u00e7bir etkisi yoktur. Google Haritalar etkinle\u015ftirildi\u011finde Google, tek tip yaz\u0131 tipi g\u00f6sterimi i\u00e7in Google Fonts'u kullanabilir. Google Haritalar'a eri\u015fti\u011finizde, taray\u0131c\u0131n\u0131z metinleri ve yaz\u0131 tiplerini do\u011fru \u015fekilde g\u00f6r\u00fcnt\u00fclemek i\u00e7in gerekli web yaz\u0131 tiplerini taray\u0131c\u0131 \u00f6nbelle\u011finize y\u00fckler.<\/p>\n\n\n\n<p class=\"wp-block-paragraph\">Google Haritalar'\u0131n kullan\u0131m\u0131, \u00e7evrimi\u00e7i tekliflerimizin \u00e7ekici bir \u015fekilde sunulmas\u0131 ve web sitesinde belirtti\u011fimiz konumlar\u0131n bulunmas\u0131n\u0131 kolayla\u015ft\u0131rmak i\u00e7indir. Bu, GDPR Madde 6(1)(f) kapsam\u0131nda me\u015fru bir menfaati temsil etmektedir. 6(1)(f) Genel Veri Koruma Y\u00f6netmeli\u011fi. \u0130lgili onay talep edilmi\u015fse, i\u015fleme yaln\u0131zca GDPR Madde 6(1)(a)'ya dayal\u0131 olarak ger\u00e7ekle\u015ftirilir. 6(1)(a) GDPR ve \u00a7 25(1) TTDSG'ye dayan\u0131larak ger\u00e7ekle\u015ftirilir, onay \u00e7erezlerin depolanmas\u0131n\u0131 veya TTDSG'de tan\u0131mland\u0131\u011f\u0131 gibi kullan\u0131c\u0131n\u0131n cihaz\u0131ndaki bilgilere eri\u015fimi (\u00f6rn. cihaz parmak izi) i\u00e7erdi\u011fi s\u00fcrece. Bu onay herhangi bir zamanda iptal edilebilir.<\/p>\n\n\n\n<p class=\"wp-block-paragraph\">ABD'ye veri aktar\u0131m\u0131 AB Komisyonu'nun Standart S\u00f6zle\u015fme Maddelerine dayanmaktad\u0131r. Ayr\u0131nt\u0131lar burada bulunabilir:<br>https:\/\/cloud.google.com\/business\/referrals\/dpa ve<br>https:\/\/privacy.google.com\/businesses\/gdprcontrollerterms\/<\/p>\n\n\n\n<p class=\"wp-block-paragraph\">Kullan\u0131c\u0131 verilerinin i\u015flenmesi hakk\u0131nda daha fazla bilgiyi Google'\u0131n gizlilik politikas\u0131nda bulabilirsiniz:<br>https:\/\/policies.google.com\/privacy<\/p>\n\n\n\n<p class=\"wp-block-paragraph\">\u015eirket, \"AB-ABD Veri Gizlili\u011fi \u00c7er\u00e7evesi\" (DPF) kapsam\u0131nda sertifikaya sahiptir. DPF, Avrupa Birli\u011fi ve ABD aras\u0131nda, ABD'de veri i\u015fleme i\u00e7in Avrupa veri koruma standartlar\u0131na uyumu sa\u011flamay\u0131 ama\u00e7layan bir anla\u015fmad\u0131r. DPF kapsam\u0131nda sertifikaland\u0131r\u0131lan her \u015firket bu veri koruma standartlar\u0131na uymay\u0131 taahh\u00fct eder. Daha fazla bilgi i\u00e7in l\u00fctfen sa\u011flay\u0131c\u0131n\u0131n ba\u011flant\u0131s\u0131n\u0131 ziyaret edin:<br>https:\/\/www.dataprivacyframework.gov\/participant\/7706<\/p>\n\n\n\n<h3 class=\"wp-block-heading\">Google reCAPTCHA<\/h3>\n\n\n\n<p class=\"wp-block-paragraph\">Bu web sitesinde \"Google reCAPTCHA\" (bundan sonra \"reCAPTCHA\" olarak an\u0131lacakt\u0131r) kullan\u0131yoruz. Sa\u011flay\u0131c\u0131 Google Ireland Limited (\"Google\"), Gordon House, Barrow Street, Dublin 4, \u0130rlanda'd\u0131r.<\/p>\n\n\n\n<p class=\"wp-block-paragraph\">reCAPTCHA, bu web sitesindeki veri giri\u015finin (\u00f6rne\u011fin, bir ileti\u015fim formunda) bir insan taraf\u0131ndan m\u0131 yoksa otomatik bir program taraf\u0131ndan m\u0131 yap\u0131ld\u0131\u011f\u0131n\u0131 do\u011frulamak i\u00e7in kullan\u0131l\u0131r. Bunu yapmak i\u00e7in reCAPTCHA, web sitesi ziyaret\u00e7isinin davran\u0131\u015f\u0131n\u0131 \u00e7e\u015fitli \u00f6zelliklere g\u00f6re analiz eder. Bu analiz, web sitesi ziyaret\u00e7isi web sitesine girer girmez otomatik olarak ba\u015flar. Analiz i\u00e7in reCAPTCHA \u00e7e\u015fitli bilgileri (\u00f6rne\u011fin, IP adresi, web sitesi ziyaret\u00e7isinin web sitesinde ge\u00e7irdi\u011fi s\u00fcre veya kullan\u0131c\u0131 taraf\u0131ndan yap\u0131lan fare hareketleri) de\u011ferlendirir. Analiz s\u0131ras\u0131nda toplanan veriler Google'a iletilir.<\/p>\n\n\n\n<p class=\"wp-block-paragraph\">reCAPTCHA analizleri tamamen arka planda \u00e7al\u0131\u015f\u0131r. Web sitesi ziyaret\u00e7ileri bir analizin ger\u00e7ekle\u015fti\u011fi konusunda bilgilendirilmez.<\/p>\n\n\n\n<p class=\"wp-block-paragraph\">Verilerin depolanmas\u0131 ve analizi GDPR Madde 6(1)(f)'ye dayanmaktad\u0131r. 6(1)(f) GDPR'ye dayanmaktad\u0131r. Web sitesi operat\u00f6r\u00fc, web tekliflerini k\u00f6t\u00fcye kullan\u0131lan otomatik casusluktan ve SPAM'den korumak i\u00e7in me\u015fru bir menfaate sahiptir. \u0130lgili onay talep edilmi\u015fse, i\u015fleme yaln\u0131zca GDPR Madde 6(1(a)'ya dayal\u0131 olarak ger\u00e7ekle\u015ftirilir. 6(1)(a) GDPR ve \u00a7 25(1) TTDSG'ye dayan\u0131larak ger\u00e7ekle\u015ftirilir; onay, \u00e7erezlerin depolanmas\u0131n\u0131 veya TTDSG'de tan\u0131mland\u0131\u011f\u0131 gibi kullan\u0131c\u0131n\u0131n cihaz\u0131ndaki bilgilere eri\u015fimi (\u00f6rn. cihaz parmak izi) i\u00e7erdi\u011fi s\u00fcrece. Bu onay herhangi bir zamanda iptal edilebilir.<\/p>\n\n\n\n<p class=\"wp-block-paragraph\">Google reCAPTCHA hakk\u0131nda daha fazla bilgi i\u00e7in l\u00fctfen a\u015fa\u011f\u0131daki ba\u011flant\u0131lardan Google'\u0131n Gizlilik Politikas\u0131 ve Hizmet \u015eartlar\u0131'na bak\u0131n:<br>https:\/\/policies.google.com\/privacy ve<br>https:\/\/policies.google.com\/terms<\/p>\n\n\n\n<p class=\"wp-block-paragraph\">\u015eirket, \"AB-ABD Veri Gizlili\u011fi \u00c7er\u00e7evesi\" (DPF) kapsam\u0131nda sertifikaya sahiptir. DPF, Avrupa Birli\u011fi ve ABD aras\u0131nda, ABD'de veri i\u015fleme i\u00e7in Avrupa veri koruma standartlar\u0131na uyumu sa\u011flamay\u0131 ama\u00e7layan bir anla\u015fmad\u0131r. DPF kapsam\u0131nda sertifikaland\u0131r\u0131lan her \u015firket bu veri koruma standartlar\u0131na uymay\u0131 taahh\u00fct eder. Daha fazla bilgi i\u00e7in l\u00fctfen sa\u011flay\u0131c\u0131n\u0131n ba\u011flant\u0131s\u0131n\u0131 ziyaret edin:<br>https:\/\/www.dataprivacyframework.gov\/participant\/5780<\/p>","protected":false},"excerpt":{"rendered":"<p>1. Privacy Policy Overview General Information The following information provides a simple overview of what happens to your personal data when you visit this website. Personal data refers to any information that can be used to identify you personally. For detailed information about data protection, please refer to our privacy policy listed below. Data Collection [&hellip;]<\/p>\n","protected":false},"author":1,"featured_media":0,"parent":0,"menu_order":0,"comment_status":"closed","ping_status":"closed","template":"","meta":{"_crdt_document":"","footnotes":""},"class_list":["post-50","page","type-page","status-publish","hentry"],"_links":{"self":[{"href":"https:\/\/vewoi.com\/tr\/wp-json\/wp\/v2\/pages\/50","targetHints":{"allow":["GET"]}}],"collection":[{"href":"https:\/\/vewoi.com\/tr\/wp-json\/wp\/v2\/pages"}],"about":[{"href":"https:\/\/vewoi.com\/tr\/wp-json\/wp\/v2\/types\/page"}],"author":[{"embeddable":true,"href":"https:\/\/vewoi.com\/tr\/wp-json\/wp\/v2\/users\/1"}],"replies":[{"embeddable":true,"href":"https:\/\/vewoi.com\/tr\/wp-json\/wp\/v2\/comments?post=50"}],"version-history":[{"count":0,"href":"https:\/\/vewoi.com\/tr\/wp-json\/wp\/v2\/pages\/50\/revisions"}],"wp:attachment":[{"href":"https:\/\/vewoi.com\/tr\/wp-json\/wp\/v2\/media?parent=50"}],"curies":[{"name":"wp","href":"https:\/\/api.w.org\/{rel}","templated":true}]}}